{"id":69,"date":"2014-04-03T13:25:40","date_gmt":"2014-04-03T13:25:40","guid":{"rendered":"http:\/\/tauffer.hu\/?page_id=69"},"modified":"2021-06-29T07:50:28","modified_gmt":"2021-06-29T07:50:28","slug":"egyuttmukodo-szakmai-hatter-2","status":"publish","type":"page","link":"https:\/\/tauffer.hu\/?page_id=69","title":{"rendered":"Egy\u00fcttm\u0171k\u00f6d\u0151 szakmai h\u00e1tt\u00e9r"},"content":{"rendered":"<p style=\"text-align: justify;\">A Tauffer Vilmos Tov\u00e1bbk\u00e9pz\u0151 Tanfolyam szakmai programjait a szakmai vezet\u0151k legjobbjai\u00a0\u00a0t\u00e1mogatj\u00e1k. A budapesti programok \u00f6ssze\u00e1ll\u00edt\u00e1s\u00e1ban nagy k\u00f6sz\u00f6netet mondunk <strong>Prof. Dr. R\u00e1k\u00f3czi Istv\u00e1nnak<\/strong>, aki a tanfolyamaink jelent\u0151s r\u00e9sz\u00e9ben szakmai szervez\u0151nk \u00e9s moder\u00e1torunk volt, valamint\u00a0<strong>Prof. Dr. Papp Zolt\u00e1nnak<\/strong>, aki a legnagyobb r\u00e9sztvev\u0151 sz\u00e1m\u00fa Magyar Tudom\u00e1nyos Akad\u00e9mi\u00e1n megtartott programunkat szervezte.\u00a0A vid\u00e9ki rendezv\u00e9nyeink szakmai programj\u00e1t az egyetemi v\u00e1rosok szakmai vezet\u0151s\u00e9ge \u00e1ll\u00edtja \u00f6ssze.\u00a0K\u00f6sz\u00f6netet mondunk <strong>Prof. Dr. B\u00f3dis J\u00f3zsefnek<\/strong> \u00e9s <strong>Dr. Veszpr\u00e9mi B\u00e9l\u00e1nak<\/strong> a p\u00e9csi konferenci\u00e1nk megszervez\u00e9s\u00e9\u00e9rt, valamint <strong>Prof. Dr. P\u00f3ka R\u00f3bertnek<\/strong>, aki a debreceni\u00a0szakmai programunkat t\u00e1mogatta. Rendezv\u00e9nyeink szinte \u00e1lland\u00f3 seg\u00edts\u00e9ge <strong>Dr. F\u00fcl\u00f6p Tam\u00e1s.<\/strong><\/p>\n<p style=\"text-align: justify;\"><strong><span style=\"text-decoration: underline;\">A Tauffer Vilmos Tov\u00e1bbk\u00e9pz\u0151 Tanfolyamon el\u0151ad\u00e1st tartottak:<\/span><\/strong><\/p>\n<p style=\"text-align: justify;\">\u00c1rv\u00e1n\u00e9 Egri Csilla, B\u00e9k\u00e9s Em\u0151ke,\u00a0Czeizel Barbara,\u00a0Csetneki Julianna,\u00a0Csord\u00e1s \u00c1gnes,<br \/>\nCs\u0171r\u00f6sn\u00e9 G\u00f6d\u00e9ny Erzs\u00e9bet,\u00a0Dr. \u00c1d\u00e1m \u00c1gnes,\u00a0Dr. \u00c1d\u00e1m Zsolt,\u00a0Dr. Andek Andrea,<br \/>\nDr. Argay Istv\u00e1n,\u00a0Dr. B\u00e1lint Bal\u00e1zs,\u00a0Dr. B\u00e1lint S\u00e1ndor,\u00a0Dr. Balogh Zolt\u00e1n,\u00a0Dr. B\u00e1n Marianna,\u00a0Dr. Beke Art\u00far,\u00a0Dr. Belics Zor\u00e1n,\u00a0Dr. Beny\u00f3 G\u00e1bor,\u00a0Dr. Cholnoky Judit,<br \/>\nDr. Cs\u00e1k\u00e1ny M. Gy\u00f6rgy,\u00a0Dr. Csermely Gyula,\u00a0Dr. Csik\u00f3s Julianna,\u00a0Dr. Csitos \u00c1gnes,<br \/>\nDr. Demeter J\u00e1nos, Dr. Dezs\u0151fi Antal,\u00a0Dr. Dweik Di\u00e1na,\u00a0Dr. F\u00fcl\u00f6p Tam\u00e1s,\u00a0Dr. G\u00e9recz Bal\u00e1zs,\u00a0Dr. Gyuris Petra,\u00a0Dr. Hajd\u00fa Krisztina,\u00a0Dr. Hajn\u00e1czky K\u00e1roly,\u00a0Dr. Halvax L\u00e1szl\u00f3,<br \/>\nDr. Hevesi Krisztina,\u00a0Dr. Hupuczi Petronella,\u00a0Dr. Ifi Zsolt,\u00a0Dr. J\u00e1nosy Eszter,\u00a0Dr. Jekkel Csilla,\u00a0Dr. J\u00f3zsa Lajos,\u00a0Dr. Juh\u00e1sz Istv\u00e1n,\u00a0Dr. Karoliny Anna,\u00a0Dr. K\u00e9kesi Anna,\u00a0Dr. Kiss Eleon\u00f3ra,\u00a0Dr. Koiss R\u00f3bert,\u00a0Dr. Kopp\u00e1n Mikl\u00f3s,\u00a0Dr. Krasznai Zo\u00e1rd,\u00a0Dr. Kuklis Eszter,<br \/>\nDr. Major Tam\u00e1s,\u00a0Dr. Major Tam\u00e1s,\u00a0Dr. M\u00e1rton S\u00e1ndor,\u00a0Dr. Melczer Zsolt,\u00a0Dr. Mesty\u00e1n Gyula,\u00a0Dr. M\u00e9sz\u00e1ros Gyula,\u00a0Dr. M\u00fcller Katalin Eszter,\u00a0Dr. Nagy Erzs\u00e9bet,\u00a0Dr. Nagy G\u00e1bor,<br \/>\nDr. Nagy S\u00e1ndor,\u00a0Dr. Nov\u00e1k Zolt\u00e1n,\u00a0Dr. Nyir\u00e1di Tam\u00e1s,\u00a0Dr. Nyulasi Tibor,\u00a0Dr. Oroszi Beatrix,\u00a0Dr. Palotai Katalin,\u00a0Dr. Pap K\u00e1roly,\u00a0Dr. Rig\u00f3 Barbara,\u00a0Dr. S\u00e1ra Levente,\u00a0Dr. Sarlai Katalin, Dr. Sikl\u00f3s P\u00e1l,\u00a0Dr. Simon L\u00e1szl\u00f3,\u00a0Dr. Sobel G\u00e1bor,\u00a0Dr. Stummer J\u00e1nos,\u00a0Dr. Szalay L\u00e1szl\u00f3,\u00a0Dr. Sziller Istv\u00e1n,\u00a0Dr. Szl\u00e1vik J\u00e1nos,\u00a0Dr. Sz\u0151cs Gyula K\u00e1lm\u00e1n,\u00a0Dr. Tak\u00e1cs Istv\u00e1n,<br \/>\nDr. Tam\u00e1s P\u00e9ter,\u00a0Dr. Timmermann G\u00e1bor,\u00a0Dr. T\u00f6r\u00f6k Olga,\u00a0Dr. Varga Zsolt,\u00a0Dr. Vars\u00e1nyi Hajnalka,\u00a0Dr. Veszpr\u00e9mi B\u00e9la,\u00a0Dr. V\u00edzer Mikl\u00f3s,\u00a0Erd\u00e9lyi-Sipos Al\u00edz,\u00a0Feller Adrienne,<br \/>\nGitidiszn\u00e9 Gyetv\u00e1n Krisztina,\u00a0Gy\u0151rfi P\u00e1l,\u00a0Kerekes Anna,\u00a0Kiss Erika,\u00a0Kov\u00e1cs Andrea,<br \/>\nLuk\u00e1cs Judit \u00c1gnes,\u00a0Merhala Zolt\u00e1n,\u00a0Nyulas Jol\u00e1n,\u00a0Prof. Dr. \u00c1cs N\u00e1ndor,\u00a0Prof. Dr. Arat\u00f3 Andr\u00e1s,\u00a0Prof. Dr. B\u00f3dis J\u00f3zsef,\u00a0Prof. Dr. Boncz Imre,\u00a0Prof. Dr. Czeizel Endre,\u00a0Prof. Dr. G\u00f6cze P\u00e9ter,\u00a0Prof. Dr. \u0150sapay Gy\u00f6rgy,\u00a0Prof. Dr. Pajor Attila,\u00a0Prof. Dr. Papp Zolt\u00e1n,<br \/>\nProf. Dr. Paulin Ferenc,\u00a0Prof. Dr. P\u00f3ka R\u00f3bert,\u00a0Prof. Dr. R\u00e1k\u00f3czi Istv\u00e1n,\u00a0Prof. Dr. Rig\u00f3 J\u00e1nos,\u00a0Prof. Dr. Szab\u00f3 Andr\u00e1s,\u00a0Prof. Dr. T\u00f6r\u00f6k Mikl\u00f3s,\u00a0R\u00e1k\u00f3czin\u00e9 Kramer \u00c1gnes,<br \/>\nSinger Magdolna,\u00a0Sipk\u00f3 Gabriella,\u00a0Tak\u00e1cs Hajnalka,\u00a0T\u00f6rzs\u00f6k Katalin.<\/p>\n<p style=\"text-align: justify;\"><strong>TISZTELETTEL \u00c9S SZERETETTEL K\u00d6SZ\u00d6NJ\u00dcK EL\u0150AD\u00d3INK T\u00c1MOGAT\u00c1S\u00c1T.<\/strong><\/p>\n<p style=\"text-align: justify;\">\n","protected":false},"excerpt":{"rendered":"<p>A Tauffer Vilmos Tov\u00e1bbk\u00e9pz\u0151 Tanfolyam szakmai programjait a szakmai vezet\u0151k legjobbjai\u00a0\u00a0t\u00e1mogatj\u00e1k. A budapesti programok \u00f6ssze\u00e1ll\u00edt\u00e1s\u00e1ban nagy k\u00f6sz\u00f6netet mondunk Prof. Dr. R\u00e1k\u00f3czi Istv\u00e1nnak, aki a tanfolyamaink jelent\u0151s r\u00e9sz\u00e9ben szakmai szervez\u0151nk \u00e9s moder\u00e1torunk volt, valamint\u00a0Prof. Dr. Papp Zolt\u00e1nnak, aki a legnagyobb r\u00e9sztvev\u0151 &hellip; <a href=\"https:\/\/tauffer.hu\/?page_id=69\">Continue reading <span class=\"meta-nav\">&rarr;<\/span><\/a><\/p>\n","protected":false},"author":1,"featured_media":0,"parent":0,"menu_order":0,"comment_status":"closed","ping_status":"closed","template":"","meta":{"footnotes":""},"class_list":["post-69","page","type-page","status-publish","hentry"],"_links":{"self":[{"href":"https:\/\/tauffer.hu\/index.php?rest_route=\/wp\/v2\/pages\/69","targetHints":{"allow":["GET"]}}],"collection":[{"href":"https:\/\/tauffer.hu\/index.php?rest_route=\/wp\/v2\/pages"}],"about":[{"href":"https:\/\/tauffer.hu\/index.php?rest_route=\/wp\/v2\/types\/page"}],"author":[{"embeddable":true,"href":"https:\/\/tauffer.hu\/index.php?rest_route=\/wp\/v2\/users\/1"}],"replies":[{"embeddable":true,"href":"https:\/\/tauffer.hu\/index.php?rest_route=%2Fwp%2Fv2%2Fcomments&post=69"}],"version-history":[{"count":14,"href":"https:\/\/tauffer.hu\/index.php?rest_route=\/wp\/v2\/pages\/69\/revisions"}],"predecessor-version":[{"id":1420,"href":"https:\/\/tauffer.hu\/index.php?rest_route=\/wp\/v2\/pages\/69\/revisions\/1420"}],"wp:attachment":[{"href":"https:\/\/tauffer.hu\/index.php?rest_route=%2Fwp%2Fv2%2Fmedia&parent=69"}],"curies":[{"name":"wp","href":"https:\/\/api.w.org\/{rel}","templated":true}]}}