{"id":66,"date":"2014-04-03T13:25:19","date_gmt":"2014-04-03T13:25:19","guid":{"rendered":"http:\/\/tauffer.hu\/?page_id=66"},"modified":"2021-06-29T06:25:04","modified_gmt":"2021-06-29T06:25:04","slug":"egyuttmukodo-szakmai-hatter","status":"publish","type":"page","link":"https:\/\/tauffer.hu\/?page_id=66","title":{"rendered":"Rendezv\u00e9ny helysz\u00ednek"},"content":{"rendered":"<p style=\"text-align: justify;\">A Tauffer Vilomos Tov\u00e1bbk\u00e9pz\u0151 Tanfolyam mindig olyan\u00a0l\u00e9tes\u00edtm\u00e9nyeket v\u00e1laszt programjai helysz\u00edn\u00e9\u00fcl, amely nemcsak az el\u0151ad\u00e1sok megval\u00f3s\u00edt\u00e1sa sz\u00e1m\u00e1ra kedvez\u0151, hanem k\u00e9nyelmes \u00e9s kellemes k\u00f6rnyetet biztos\u00edt az eg\u00e9sz napra kiterjed\u0151 tov\u00e1bbk\u00e9pz\u00e9sek sz\u00e1m\u00e1ra. Ha lehets\u00e9ges, azt is figyelembe vessz\u00fck, hogy ezek \u00e9rdekes, \u00e9s kiemelked\u0151 sz\u00e9ps\u00e9g\u0171 helysz\u00ednek is legyenek.<\/p>\n<p style=\"text-align: justify;\"><strong><span style=\"text-decoration: underline;\">Programokat az al\u00e1bbi helysz\u00edneken szervezt\u00fcnk:<\/span> <\/strong><\/p>\n<ul>\n<li>Semmelweis Egyetem Nagyv\u00e1rad t\u00e9ri Elm\u00e9leti T\u00f6mb,<\/li>\n<li>Magyar Tudom\u00e1nyos Akad\u00e9mia,<\/li>\n<li>Semmelweis Egyetem Elm\u00e9leti Orvostudom\u00e1nyi K\u00f6zpont,<\/li>\n<li>Emberi Er\u0151forr\u00e1sok Miniszt\u00e9riuma,<\/li>\n<li>Tud\u00e1sk\u00f6zpont-P\u00e9cs<\/li>\n<li>Lurdy Konferencia \u00e9s Rendezv\u00e9nyk\u00f6zpont<\/li>\n<li>TIT Budapest Planet\u00e1rium<\/li>\n<li>Budapesti Operettsz\u00ednh\u00e1z<\/li>\n<li>Europa Congress Center<\/li>\n<li>Duna Palota<\/li>\n<\/ul>\n","protected":false},"excerpt":{"rendered":"<p>A Tauffer Vilomos Tov\u00e1bbk\u00e9pz\u0151 Tanfolyam mindig olyan\u00a0l\u00e9tes\u00edtm\u00e9nyeket v\u00e1laszt programjai helysz\u00edn\u00e9\u00fcl, amely nemcsak az el\u0151ad\u00e1sok megval\u00f3s\u00edt\u00e1sa sz\u00e1m\u00e1ra kedvez\u0151, hanem k\u00e9nyelmes \u00e9s kellemes k\u00f6rnyetet biztos\u00edt az eg\u00e9sz napra kiterjed\u0151 tov\u00e1bbk\u00e9pz\u00e9sek sz\u00e1m\u00e1ra. Ha lehets\u00e9ges, azt is figyelembe vessz\u00fck, hogy ezek \u00e9rdekes, \u00e9s kiemelked\u0151 &hellip; <a href=\"https:\/\/tauffer.hu\/?page_id=66\">Continue reading <span class=\"meta-nav\">&rarr;<\/span><\/a><\/p>\n","protected":false},"author":1,"featured_media":0,"parent":0,"menu_order":0,"comment_status":"closed","ping_status":"closed","template":"","meta":{"footnotes":""},"class_list":["post-66","page","type-page","status-publish","hentry"],"_links":{"self":[{"href":"https:\/\/tauffer.hu\/index.php?rest_route=\/wp\/v2\/pages\/66","targetHints":{"allow":["GET"]}}],"collection":[{"href":"https:\/\/tauffer.hu\/index.php?rest_route=\/wp\/v2\/pages"}],"about":[{"href":"https:\/\/tauffer.hu\/index.php?rest_route=\/wp\/v2\/types\/page"}],"author":[{"embeddable":true,"href":"https:\/\/tauffer.hu\/index.php?rest_route=\/wp\/v2\/users\/1"}],"replies":[{"embeddable":true,"href":"https:\/\/tauffer.hu\/index.php?rest_route=%2Fwp%2Fv2%2Fcomments&post=66"}],"version-history":[{"count":10,"href":"https:\/\/tauffer.hu\/index.php?rest_route=\/wp\/v2\/pages\/66\/revisions"}],"predecessor-version":[{"id":1412,"href":"https:\/\/tauffer.hu\/index.php?rest_route=\/wp\/v2\/pages\/66\/revisions\/1412"}],"wp:attachment":[{"href":"https:\/\/tauffer.hu\/index.php?rest_route=%2Fwp%2Fv2%2Fmedia&parent=66"}],"curies":[{"name":"wp","href":"https:\/\/api.w.org\/{rel}","templated":true}]}}