{"id":1862,"date":"2025-01-29T09:09:24","date_gmt":"2025-01-29T09:09:24","guid":{"rendered":"https:\/\/tauffer.hu\/?page_id=1862"},"modified":"2025-03-18T08:30:30","modified_gmt":"2025-03-18T08:30:30","slug":"egyutt-a-magyar-szuleszetert-2024-unnepi-konferencia-az-orszaghazban","status":"publish","type":"page","link":"https:\/\/tauffer.hu\/?page_id=1862","title":{"rendered":"Egy\u00fctt a Magyar Sz\u00fcl\u00e9szet\u00e9rt 2025. Konferencia a Magyar Nemzeti M\u00fazeumban"},"content":{"rendered":"\n<p>Id\u0151pont: 2025. \u00e1prilis 11., C\u00edm: 1088 Budapest, M\u00fazeum krt. 14-16.<\/p>\n\n\n\n<p><\/p>\n\n\n\n<p class=\"has-medium-font-size\">Ny.sz.: SZTK-A-3881\/2025. 20 kredit pont (szakmacsoportok: 1. feln\u0151tt \u00e1pol\u00e1s \u00e9s gondoz\u00e1s, 2. gyermek \u00e1pol\u00e1s \u00e9s gondoz\u00e1s, 11. sz\u00fcl\u00e9szeti ell\u00e1t\u00e1s, 12. v\u00e9d\u0151n\u0151i ell\u00e1t\u00e1s)<\/p>\n\n\n\n<p class=\"has-medium-font-size\">OFTEX k\u00f3d: 91851. 6 pont (orvosok)<\/p>\n\n\n\n<p class=\"has-medium-font-size\">ERRE A KONFERENCI\u00c1RA MINDEN SZABAD HELY ELKELT!<\/p>\n\n\n\n<figure class=\"wp-block-image size-full\"><a href=\"https:\/\/tauffer.hu\/wp-content\/uploads\/2025\/01\/budapest-magyar-nemzeti-muzeum-csodalatosmagyarorszag.jpg\"><img loading=\"lazy\" decoding=\"async\" width=\"1244\" height=\"700\" src=\"https:\/\/tauffer.hu\/wp-content\/uploads\/2025\/01\/budapest-magyar-nemzeti-muzeum-csodalatosmagyarorszag.jpg\" alt=\"\" class=\"wp-image-1874\" srcset=\"https:\/\/tauffer.hu\/wp-content\/uploads\/2025\/01\/budapest-magyar-nemzeti-muzeum-csodalatosmagyarorszag.jpg 1244w, https:\/\/tauffer.hu\/wp-content\/uploads\/2025\/01\/budapest-magyar-nemzeti-muzeum-csodalatosmagyarorszag-300x169.jpg 300w, https:\/\/tauffer.hu\/wp-content\/uploads\/2025\/01\/budapest-magyar-nemzeti-muzeum-csodalatosmagyarorszag-1024x576.jpg 1024w, https:\/\/tauffer.hu\/wp-content\/uploads\/2025\/01\/budapest-magyar-nemzeti-muzeum-csodalatosmagyarorszag-768x432.jpg 768w\" sizes=\"auto, (max-width: 1244px) 100vw, 1244px\" \/><\/a><\/figure>\n\n\n\n<p><strong>Regisztr\u00e1ci\u00f3s d\u00edj: 5000 Ft.<\/strong><\/p>\n\n\n\n<p>Az Egy\u00fctt a Magyar Sz\u00fcl\u00e9szet\u00e9rt Konferencia 2025-ben is kiemelked\u0151 helysz\u00ednen ker\u00fcl megrendez\u00e9sre: a Magyar Nemzeti M\u00fazeumban. Az el\u0151ad\u00e1sok azokat a tev\u00e9kenys\u00e9geket, kezdem\u00e9nyez\u00e9seket, l\u00e9p\u00e9seket mutatj\u00e1k be, amelyek az elm\u00falt id\u0151szakban olyan sikeres megold\u00e1sokat ny\u00fajtottak aktu\u00e1lisan felmer\u00fclt probl\u00e9m\u00e1kra, amelyeket az \u00e1gazatban m\u00e1shol is eredm\u00e9nyesen alkalmazhatnak. <\/p>\n\n\n\n<p>Regisztr\u00e1ci\u00f3: 8.00-9.00 \u00f3ra k\u00f6z\u00f6tt; El\u0151ad\u00e1sok: 9.00-15.00 (12.00-13.00 sz\u00fcnet).<\/p>\n\n\n\n<p>A vid\u00e9kr\u0151l \u00e9rkez\u0151k k\u00e9s\u00e9s\u00e9t meg\u00e9rtj\u00fck.<\/p>\n\n\n\n<p>Jelentkez\u00e9si lapok: <a href=\"https:\/\/tauffer.hu\/wp-content\/uploads\/2025\/01\/Jelentkezesi_lap_Tauffer_2025_aprilis.doc\">Szakdolgoz\u00f3k sz\u00e1m\u00e1ra<\/a>; <a href=\"https:\/\/tauffer.hu\/wp-content\/uploads\/2025\/01\/Orvosi_Jelentkezesi_lap_MNM_20250411.doc\">Orvosok sz\u00e1m\u00e1ra<\/a><\/p>\n\n\n\n<p><strong>El\u0151ad\u00e1sok:<\/strong><\/p>\n\n\n\n<p><strong>Cs\u00f6kkenthet\u0151-e a korasz\u00fcl\u00e9s gyakoris\u00e1ga Magyarorsz\u00e1gon?<\/strong> (Prof. Dr. Rig\u00f3 J\u00e1nos egyetemi tan\u00e1r, tansz\u00e9kvezet\u0151 &#8211; Semmelweis Egyetem Eg\u00e9szs\u00e9gtudom\u00e1nyi Kar Sz\u00fcl\u00e9szeti \u00e9s N\u0151gy\u00f3gy\u00e1szati Ismeretek Tansz\u00e9k)<\/p>\n\n\n\n<p><strong>Motiv\u00e1ci\u00f3k a v\u00e1rand\u00f3sok r\u00e9sz\u00e9r\u0151l: h\u00fcvelyi sz\u00fcl\u00e9s vagy cs\u00e1sz\u00e1rsz\u00fcl\u00e9s? <\/strong>(Dr. Melczer Zsolt Ph.D egyetemi docens, igazgat\u00f3 helyettes, r\u00e9szlegvezet\u0151 &#8211; Semmelweis Egyetem Sz\u00fcl\u00e9szeti \u00e9s N\u0151gy\u00f3gy\u00e1szati Klinika Baross utcai r\u00e9szleg)<\/p>\n\n\n\n<p><strong>\u00dajdons\u00e1gok, kih\u00edv\u00e1sok a sz\u00fcl\u00e9szeti ultrahang-sz\u0171r\u0151vizsg\u00e1latok kivitelez\u00e9s\u00e9ben<\/strong> (Dr. Nagy S\u00e1ndor Ph.D oszt\u00e1lyvezet\u0151 f\u0151orvos, eln\u00f6k &#8211; Petz Alad\u00e1r Egyetemi Oktat\u00f3k\u00f3rh\u00e1z Sz\u00fcl\u00e9szeti \u00e9s N\u0151gy\u00f3gy\u00e1szati Oszt\u00e1ly, Eg\u00e9szs\u00e9g\u00fcgyi Szakmai Koll\u00e9gium Sz\u00fcl\u00e9szet \u00e9s N\u0151gy\u00f3gy\u00e1szat Tagozat, Magyar Sz\u00fcl\u00e9szeti-N\u0151gy\u00f3gy\u00e1szati Ultrahang T\u00e1rsas\u00e1g)<\/p>\n\n\n\n<p><strong>G\u00e1tv\u00e9delem \u00e9s g\u00e1tmetsz\u00e9s: Paradigmav\u00e1lt\u00e1s a tudom\u00e1nyos bizony\u00edt\u00e9kok t\u00fckr\u00e9ben<\/strong> (Dr. Alasztics B\u00e1lint Ph.D egyetemi adjunktus &#8211; Semmelweis Egyetem Sz\u00fcl\u00e9szeti \u00e9s N\u0151gy\u00f3gy\u00e1szati Klinika Baross utcai r\u00e9szleg)<\/p>\n\n\n\n<p> <strong>A CAH (Congenit\u00e1lis Adren\u00e1lis Hyperplasia) \u00e1llapottal diagnosztiz\u00e1lt gyerekekr\u0151l <\/strong>(Dr. Luczay Andrea Ph.D oszt\u00e1lyvezet\u0151 &#8211; Semmelweis Egyetem Gyermekgy\u00f3gy\u00e1szati Klinika B\u00f3kay utcai r\u00e9szleg)<\/p>\n\n\n\n<p><strong>A v\u00e1rand\u00f3ss\u00e1g alatti felk\u00e9sz\u00edt\u00e9s a pozit\u00edv sz\u00fcl\u00e9s- \u00e9s szoptat\u00e1s\u00e9lm\u00e9ny el\u0151seg\u00edt\u00e9s\u00e9\u00e9rt<\/strong> (Szulovszky Szilvia ter\u00fcleti v\u00e9d\u0151n\u0151 &#8211; Budapest Pozsony utcai V\u00e9d\u0151n\u0151i Szolg\u00e1lat)<\/p>\n\n\n\n<p><strong>Cs\u00f6kken\u0151 tendenci\u00e1ban a magyarorsz\u00e1gi sz\u00fcl\u00e9szn\u0151k sz\u00e1ma &#8211; A sz\u00fcl\u00e9szn\u0151 hallgat\u00f3k p\u00e1lyav\u00e1laszt\u00e1si \u00e9s tanul\u00e1si motiv\u00e1ci\u00f3i<\/strong> (Lipienn\u00e9 Dr. Kr\u00e9mer Ibolya &#8211; Semmelweis Egyetem Eg\u00e9szs\u00e9gtudom\u00e1nyi Kar Sz\u00fcl\u00e9szeti \u00e9s N\u0151gy\u00f3gy\u00e1szati Ismeretek Tansz\u00e9k; Gebrin\u00e9 Dr. \u00c9les Krisztina Ph.D &#8211; Debreceni Egyetem Eg\u00e9szs\u00e9gtudom\u00e1nyi Kar Eg\u00e9szs\u00e9gtudom\u00e1nyi Int\u00e9zet \u00c1pol\u00e1si \u00e9s Sz\u00fcl\u00e9szn\u0151i Tansz\u00e9k)<\/p>\n\n\n\n<p><strong>V\u00e1ltoz\u00f3 gyermekek, v\u00e1ltoz\u00f3 szakmai megold\u00e1sok &#8211; \u00daj kih\u00edv\u00e1sok a kora gyermekkori ell\u00e1t\u00f3rendszerben <\/strong>(Czeizel Barbara int\u00e9zm\u00e9nyvezet\u0151 &#8211; Budapesti Korai Fejleszt\u0151 K\u00f6zpont)<\/p>\n\n\n\n<p><strong>Szeretettel v\u00e1rjuk konferenci\u00e1nkon.<\/strong><\/p>\n","protected":false},"excerpt":{"rendered":"<p>Id\u0151pont: 2025. \u00e1prilis 11., C\u00edm: 1088 Budapest, M\u00fazeum krt. 14-16. Ny.sz.: SZTK-A-3881\/2025. 20 kredit pont (szakmacsoportok: 1. feln\u0151tt \u00e1pol\u00e1s \u00e9s gondoz\u00e1s, 2. gyermek \u00e1pol\u00e1s \u00e9s gondoz\u00e1s, 11. sz\u00fcl\u00e9szeti ell\u00e1t\u00e1s, 12. v\u00e9d\u0151n\u0151i ell\u00e1t\u00e1s) OFTEX k\u00f3d: 91851. 6 pont (orvosok) ERRE A &hellip; <a href=\"https:\/\/tauffer.hu\/?page_id=1862\">Continue reading <span class=\"meta-nav\">&rarr;<\/span><\/a><\/p>\n","protected":false},"author":1,"featured_media":0,"parent":0,"menu_order":0,"comment_status":"closed","ping_status":"closed","template":"","meta":{"footnotes":""},"class_list":["post-1862","page","type-page","status-publish","hentry"],"_links":{"self":[{"href":"https:\/\/tauffer.hu\/index.php?rest_route=\/wp\/v2\/pages\/1862","targetHints":{"allow":["GET"]}}],"collection":[{"href":"https:\/\/tauffer.hu\/index.php?rest_route=\/wp\/v2\/pages"}],"about":[{"href":"https:\/\/tauffer.hu\/index.php?rest_route=\/wp\/v2\/types\/page"}],"author":[{"embeddable":true,"href":"https:\/\/tauffer.hu\/index.php?rest_route=\/wp\/v2\/users\/1"}],"replies":[{"embeddable":true,"href":"https:\/\/tauffer.hu\/index.php?rest_route=%2Fwp%2Fv2%2Fcomments&post=1862"}],"version-history":[{"count":13,"href":"https:\/\/tauffer.hu\/index.php?rest_route=\/wp\/v2\/pages\/1862\/revisions"}],"predecessor-version":[{"id":1889,"href":"https:\/\/tauffer.hu\/index.php?rest_route=\/wp\/v2\/pages\/1862\/revisions\/1889"}],"wp:attachment":[{"href":"https:\/\/tauffer.hu\/index.php?rest_route=%2Fwp%2Fv2%2Fmedia&parent=1862"}],"curies":[{"name":"wp","href":"https:\/\/api.w.org\/{rel}","templated":true}]}}