{"id":146,"date":"2014-04-07T09:33:21","date_gmt":"2014-04-07T09:33:21","guid":{"rendered":"http:\/\/tauffer.hu\/?page_id=146"},"modified":"2023-01-10T11:35:30","modified_gmt":"2023-01-10T11:35:30","slug":"tauffer-tanfolyamok","status":"publish","type":"page","link":"https:\/\/tauffer.hu\/?page_id=146","title":{"rendered":"Tauffer Tanfolyamok"},"content":{"rendered":"<ul>\n<li>\n<h5><span style=\"color: #008000;\"><a title=\"Tauffer 01\" href=\"http:\/\/tauffer.hu\/?page_id=150\" target=\"_blank\"><span style=\"color: #008000;\"><b><i>A v\u00e1rand\u00f3sgondoz\u00e1s alatti vizsg\u00e1latok jelent\u0151s\u00e9ge<\/i><\/b> &#8211; <\/span><\/a><b><a title=\"Tauffer 01\" href=\"http:\/\/tauffer.hu\/?page_id=150\" target=\"_blank\"><span style=\"color: #008000;\">Tauffer 01 tov\u00e1bbk\u00e9pz\u00e9s<\/span><\/a> &#8211; <\/b>(2013. j\u00fanius 5) Semmelweis Egyetem Nagyv\u00e1rad t\u00e9ri Elm\u00e9leti T\u00f6mb<\/span><\/h5>\n<\/li>\n<li>\n<h5><span style=\"color: #008000;\"><a title=\"Tauffer 02\" href=\"http:\/\/tauffer.hu\/?page_id=156\" target=\"_blank\"><span style=\"color: #008000;\"><b><i>V\u00e1rand\u00f3sgondoz\u00e1s 2013. Konferenci<\/i><\/b><strong><i>a<\/i> &#8211; Tauffer 02 tov\u00e1bbk\u00e9pz\u00e9s <\/strong><\/span><\/a>&#8211; (2013. szeptember 17.) Magyar Tudom\u00e1nyos Akad\u00e9mia<\/span><\/h5>\n<\/li>\n<li>\n<h5><span style=\"color: #008000;\"><a title=\"Tauffer 03\" href=\"http:\/\/tauffer.hu\/?page_id=160\" target=\"_blank\"><span style=\"color: #008000;\"><b><i>A v\u00e1rand\u00f3sgondoz\u00e1s alatti gyakorlati probl\u00e9m\u00e1k<\/i><\/b>\u00a0<strong> &#8211; Tauffer 03 tov\u00e1bbk\u00e9pz\u00e9s<\/strong> <\/span><\/a>&#8211; (2013. december 14.) Semmelweis Egyetem Elm\u00e9leti Orvostudom\u00e1nyi K\u00f6zpont<\/span><\/h5>\n<\/li>\n<li>\n<h5><span style=\"color: #008000;\"><a title=\"Tauffer 05\" href=\"http:\/\/tauffer.hu\/?page_id=164\" target=\"_blank\"><span style=\"color: #008000;\"><b><i>Aktu\u00e1lis probl\u00e9m\u00e1k a sz\u00fcl\u00e9szeti gyakorlatban<\/i><\/b><strong> &#8211; Tauffer 05 tov\u00e1bbk\u00e9pz\u00e9s<\/strong><\/span><\/a> &#8211; (2014. febru\u00e1r 28. \u00e9s 2014. okt\u00f3ber 30.) Emberi Er\u0151forr\u00e1sok Miniszt\u00e9riuma<\/span><\/h5>\n<\/li>\n<li>\n<h5><span style=\"color: #008000;\"><a title=\"Tauffer 04\" href=\"http:\/\/tauffer.hu\/?page_id=169\" target=\"_blank\"><span style=\"color: #008000;\"><b><i>V\u00e1rand\u00f3sgondoz\u00e1s Baranya 2014. Konferencia &#8211; <\/i><\/b><strong>Tauffer 04 tov\u00e1bbk\u00e9pz\u00e9s <span style=\"text-decoration: underline;\">&#8211; <\/span><\/strong><\/span><\/a>(2014. m\u00e1rcius 7.) Tud\u00e1sk\u00f6zpont-P\u00e9cs<\/span><\/h5>\n<\/li>\n<li>\n<h5><span style=\"color: #008000;\"><a title=\"Tauffer 06\" href=\"http:\/\/tauffer.hu\/?page_id=172\" target=\"_blank\"><span style=\"color: #008000;\"><b><i>Alternat\u00edv megold\u00e1sok a v\u00e1rand\u00f3ss\u00e1g \u00e9s a sz\u00fcl\u00e9s alatt<\/i><\/b><i><b> &#8211; <\/b><\/i><b>Tauffer 06 tov\u00e1bbk\u00e9pz\u00e9s<\/b><\/span><\/a><i><b> &#8211; <\/b><\/i>(2014. m\u00e1jus 16.) Lurdy Konferencia- \u00e9s Rendezv\u00e9ny K\u00f6zpont <\/span><\/h5>\n<\/li>\n<li>\n<h5><a title=\"Tauffer 07\" href=\"http:\/\/tauffer.hu\/?page_id=357\"><span style=\"color: #99cc00;\"><strong><span style=\"color: #008000;\"><span style=\"text-decoration: underline;\"><em>A v\u00e1rand\u00f3sgondoz\u00e1s \u00e9s a sz\u00fcl\u00e9s kiemelt k\u00e9rd\u00e9sei<\/em> &#8211; <span style=\"color: #008000; text-decoration: underline;\">Tauffer 07 tov\u00e1bbk\u00e9pz\u00e9<\/span><\/span>s<\/span> <\/strong><\/span><\/a><span style=\"color: #008000;\">&#8211; (2014. december 6.) &#8211; Semmelweis Egyetem &#8211; Elm\u00e9leti Orvostudom\u00e1nyi K\u00f6zpont<\/span><\/h5>\n<\/li>\n<li>\n<h5><span style=\"color: #008000;\"><a title=\"Tauffer 08\" href=\"http:\/\/tauffer.hu\/?page_id=525\" target=\"_blank\"><span style=\"color: #008000;\"><em><strong> Cs\u00e1sz\u00e1rmetsz\u00e9s, sok vagy kev\u00e9s?<\/strong><\/em>\u00a0<\/span> <span style=\"color: #008000;\">&#8211; <strong>Tauffer 08 tov\u00e1bbk\u00e9pz\u00e9s<\/strong>\u00a0<\/span><\/a>(2015. \u00e1prilis 10.) &#8211; Lurdy Konferencia- \u00e9s Rendezv\u00e9ny K\u00f6zpont\u00a0<\/span><\/h5>\n<\/li>\n<li>\n<h5><span style=\"color: #008000;\"><a style=\"color: #008000;\" title=\"Legk\u00f6zelebb: Tauffer 09\" href=\"http:\/\/tauffer.hu\/?page_id=450\"><strong><em>A m\u00e9hnyakr\u00e1k megel\u0151z\u00e9s\u00e9nek helyzete: Hogyan tov\u00e1bb?<\/em><\/strong>\u00a0 &#8211; <strong>Tauffer 09 tov\u00e1bbk\u00e9pz\u00e9s<\/strong>\u00a0 <\/a>(2015. j\u00fanius 18.) &#8211; Magyar Tudom\u00e1nyos Akad\u00e9mia; D\u00edszterem<\/span><\/h5>\n<\/li>\n<li>\n<h5><span style=\"color: #339966;\">\u00a0<a title=\"Tauffer 10\" href=\"http:\/\/tauffer.hu\/?page_id=593\"><span style=\"color: #008000;\"><strong><em>V\u00e1rand\u00f3ss\u00e1g \u00e9s gyermeksz\u00fcl\u00e9s a XXI. sz\u00e1zadban &#8211; Tauffer\u00a010 tov\u00e1bbk\u00e9pz\u00e9s <\/em><\/strong><\/span><\/a><\/span><span style=\"color: #008000;\">(2015. december 11.) &#8211; TIT Budapest Planet\u00e1rium<\/span><\/h5>\n<\/li>\n<li>\n<h5><span style=\"color: #008000;\"><strong><em><a style=\"color: #008000;\" title=\"Tauffer 11\" href=\"http:\/\/tauffer.hu\/?page_id=668\">A fogamz\u00e1st\u00f3l a sz\u00fcl\u00e9sig &#8211; Tauffer 11 tov\u00e1bbk\u00e9pz\u00e9s<\/a> <\/em><\/strong>(2016. \u00e1prilis 22.) &#8211; Lurdy Konferencia \u00e9s Rendezv\u00e9ny K\u00f6zpont<\/span><\/h5>\n<\/li>\n<li>\n<h5><span style=\"color: #008000;\"><a style=\"color: #008000;\" title=\"Tauffer 12\" href=\"http:\/\/tauffer.hu\/?page_id=711\"><strong><em>V\u00e1rand\u00f3sgondoz\u00e1s \u00c9szak-Kelet Magyarorsz\u00e1gon 2016 &#8211; Tauffer 12 tov\u00e1bbk\u00e9pz\u00e9s <\/em><\/strong><\/a>(2016. szeptember 23.) &#8211; Grand Hotel Aranybika Debrecen<\/span><\/h5>\n<\/li>\n<li>\n<h5><span style=\"color: #008000;\"><span style=\"text-decoration: underline;\"><a style=\"color: #008000; text-decoration: underline;\" title=\"Tauffer 13\" href=\"http:\/\/tauffer.hu\/?page_id=766\"><em><strong>V\u00e1rand\u00f3ss\u00e1g, Csal\u00e1d, J\u00f6v\u0151 &#8211; Tauffer 13 tov\u00e1bbk\u00e9pz\u00e9s<\/strong><\/em> <\/a><\/span>(2016. december 16.) Budapesti Operettsz\u00ednh\u00e1z<\/span><\/h5>\n<\/li>\n<li>\n<h5><span style=\"color: #008000;\"><a style=\"color: #008000;\" title=\"Tauffer 14\" href=\"http:\/\/tauffer.hu\/?page_id=810\"><span style=\"text-decoration: underline;\"><em><strong>V\u00e1rand\u00f3ss\u00e1g \u00e9s Sz\u00fcl\u00e9s a XXI. sz\u00e1zadban &#8211; Tauffer 14 tov\u00e1bbk\u00e9pz\u00e9s\u00a0<\/strong><\/em><\/span><\/a>(2017.\u00a0\u00e1prilis 28.)\u00a0\u00a0&#8211; J\u00f3zsef Attila M\u0171vel\u0151d\u00e9si K\u00f6zpont\u00a0\u00a0\u00a0<\/span><\/h5>\n<\/li>\n<li>\n<h5><span style=\"color: #99cc00;\"><span style=\"color: #339966;\"><strong><em><span style=\"color: #008000;\"><a style=\"color: #008000;\" title=\"Tauffer 15\" href=\"http:\/\/tauffer.hu\/?page_id=874\">Az Eg\u00e9szs\u00e9ges Csal\u00e1d\u00e9rt! &#8211; Tauffer 15\u00a0tov\u00e1bbk\u00e9pz\u00e9s<\/a>\u00a0<\/span> <\/em><\/strong><\/span><span style=\"color: #008000;\">(2017. szeptember 15.) &#8211; Lurdy Konferencia \u00e9s Rendezv\u00e9ny k\u00f6zpont<\/span><\/span><\/h5>\n<\/li>\n<li>\n<h5><span style=\"color: #008000;\"><a style=\"color: #008000;\" title=\"K\u00f6vetkez\u0151 Konferenci\u00e1nk: Tauffer 16\" href=\"http:\/\/tauffer.hu\/?page_id=890\"><em><strong>V\u00e1rand\u00f3ss\u00e1g \u00e9s Sz\u00fcl\u00e9s 2018. &#8211; Tauffer 16 tov\u00e1bbk\u00e9pz\u00e9s<\/strong> <\/em><\/a>(2018. m\u00e1rcius 9.) &#8211; Europa Congress Center<\/span><\/h5>\n<\/li>\n<li>\n<h5><span style=\"color: #008000;\"><a style=\"color: #008000;\" title=\"Tauffer 17\" href=\"https:\/\/tauffer.hu\/?page_id=1046\"><em><strong>Csal\u00e1dbar\u00e1t Sz\u00fcl\u00e9szet \u00e9s Komplex V\u00e1rand\u00f3sgondoz\u00e1s 2018<\/strong><\/em><\/a>. &#8211; <strong><em>Tauffer 17 tov\u00e1bbk\u00e9pz\u00e9s<\/em> <\/strong>(2018. december 14.) &#8211; J\u00f3zsef Attila M\u0171vel\u0151d\u00e9si K\u00f6zpont<\/span><\/h5>\n<\/li>\n<li>\n<h5>\u00a0<span style=\"color: #ff0000;\"><span style=\"color: #008000;\"><strong><em><a style=\"color: #008000;\" title=\"Tauffer 18\" href=\"https:\/\/tauffer.hu\/?page_id=1158\">V\u00e1rand\u00f3ss\u00e1g \u00e9s Sz\u00fcl\u00e9s 2019. Az \u00c9let els\u0151 napjai<\/a> &#8211;<\/em><\/strong> <\/span><em><span style=\"color: #339966;\"><span style=\"color: #008000;\"><strong>Tauffer 18 tov\u00e1bbk\u00e9pz\u00e9s <\/strong>(2019. m\u00e1rcius 8.) &#8211; Europa Congress Center <\/span><\/span><\/em><\/span><\/h5>\n<\/li>\n<li>\n<h5><span style=\"color: #ff0000;\"><em><span style=\"color: #339966;\"><strong><span style=\"color: #008000;\"><a title=\"Tauffer 19.\" href=\"https:\/\/tauffer.hu\/?page_id=1279\"><span style=\"color: #008000;\">V\u00e1rand\u00f3sgondoz\u00e1s, Sz\u00fcl\u00e9s, Csecsem\u0151kor &#8211; Gyakran felmer\u00fcl\u0151 k\u00e9rd\u00e9sek<\/span>\u00a0<\/a> Tauffer 19 Tov\u00e1bbk\u00e9pz\u00e9s<\/span>\u00a0 <\/strong>(2019. december 13) &#8211; Duna Palota \u00a0 \u00a0 \u00a0 \u00a0 \u00a0 \u00a0 \u00a0 \u00a0 \u00a0 \u00a0 \u00a0 \u00a0 \u00a0 \u00a0 \u00a0<\/span><\/em><\/span><\/h5>\n<\/li>\n<li>\n<h5><span style=\"color: #008000;\"><em><strong>A Csal\u00e1d a Mi \u00c9rt\u00e9k\u00fcnk<\/strong>\u00a0 <strong>Tauffer 20. tov\u00e1bbk\u00e9pz\u00e9s<\/strong> (2022. j\u00fanius 10.) &#8211; Nemzeti Sz\u00ednh\u00e1z<\/em><\/span><\/h5>\n<\/li>\n<\/ul>\n<ul>\n<li>\n<h5><span style=\"color: #008000;\"><em><strong>Egy\u00fctt a Magyar Sz\u00fcl\u00e9szet\u00e9rt &#8211; A sz\u00fcl\u00e9s-, a sz\u00fcl\u00e9st k\u00f6vet\u0151 id\u0151szak aktu\u00e1lis k\u00e9rd\u00e9sei<\/strong>\u00a0<strong>Tauffer 21 tov\u00e1bbk\u00e9pz\u00e9s<\/strong> (2022. \u00e1prilis 1.)\u00a0&#8211; Hotel Az\u00far Si\u00f3fok \u00e9s (2023. m\u00e1rcius 14.) &#8211; Klebelsberg Kult\u00fark\u00faria\u00a0\u00a0<\/em><\/span><\/h5>\n<\/li>\n<\/ul>\n<p>&nbsp;<\/p>\n","protected":false},"excerpt":{"rendered":"<p>A v\u00e1rand\u00f3sgondoz\u00e1s alatti vizsg\u00e1latok jelent\u0151s\u00e9ge &#8211; Tauffer 01 tov\u00e1bbk\u00e9pz\u00e9s &#8211; (2013. j\u00fanius 5) Semmelweis Egyetem Nagyv\u00e1rad t\u00e9ri Elm\u00e9leti T\u00f6mb V\u00e1rand\u00f3sgondoz\u00e1s 2013. Konferencia &#8211; Tauffer 02 tov\u00e1bbk\u00e9pz\u00e9s &#8211; (2013. szeptember 17.) Magyar Tudom\u00e1nyos Akad\u00e9mia A v\u00e1rand\u00f3sgondoz\u00e1s alatti gyakorlati probl\u00e9m\u00e1k\u00a0 &#8211; Tauffer &hellip; <a href=\"https:\/\/tauffer.hu\/?page_id=146\">Continue reading <span class=\"meta-nav\">&rarr;<\/span><\/a><\/p>\n","protected":false},"author":1,"featured_media":0,"parent":0,"menu_order":0,"comment_status":"closed","ping_status":"closed","template":"","meta":{"footnotes":""},"class_list":["post-146","page","type-page","status-publish","hentry"],"_links":{"self":[{"href":"https:\/\/tauffer.hu\/index.php?rest_route=\/wp\/v2\/pages\/146","targetHints":{"allow":["GET"]}}],"collection":[{"href":"https:\/\/tauffer.hu\/index.php?rest_route=\/wp\/v2\/pages"}],"about":[{"href":"https:\/\/tauffer.hu\/index.php?rest_route=\/wp\/v2\/types\/page"}],"author":[{"embeddable":true,"href":"https:\/\/tauffer.hu\/index.php?rest_route=\/wp\/v2\/users\/1"}],"replies":[{"embeddable":true,"href":"https:\/\/tauffer.hu\/index.php?rest_route=%2Fwp%2Fv2%2Fcomments&post=146"}],"version-history":[{"count":114,"href":"https:\/\/tauffer.hu\/index.php?rest_route=\/wp\/v2\/pages\/146\/revisions"}],"predecessor-version":[{"id":1562,"href":"https:\/\/tauffer.hu\/index.php?rest_route=\/wp\/v2\/pages\/146\/revisions\/1562"}],"wp:attachment":[{"href":"https:\/\/tauffer.hu\/index.php?rest_route=%2Fwp%2Fv2%2Fmedia&parent=146"}],"curies":[{"name":"wp","href":"https:\/\/api.w.org\/{rel}","templated":true}]}}