{"id":1020,"date":"2018-07-03T17:36:31","date_gmt":"2018-07-03T17:36:31","guid":{"rendered":"http:\/\/tauffer.hu\/?page_id=1020"},"modified":"2020-02-24T08:17:59","modified_gmt":"2020-02-24T08:17:59","slug":"adatvedelmi-szabalyzat","status":"publish","type":"page","link":"https:\/\/tauffer.hu\/?page_id=1020","title":{"rendered":"Adatv\u00e9delmi Szab\u00e1lyzat"},"content":{"rendered":"<p>A ProfEvents Korl\u00e1tolt Felel\u0151ss\u00e9g\u0171 T\u00e1rsas\u00e1g ADATV\u00c9DELMI \u00c9S ADATKEZEL\u00c9SI SZAB\u00c1LYZATA<\/p>\n<p>1. <strong>A szab\u00e1lyzat c\u00e9lja<\/strong><\/p>\n<p style=\"text-align: justify;\">Jelen szab\u00e1lyzat c\u00e9lja, hogy r\u00f6gz\u00edtse a ProfEvents Korl\u00e1tolt Felel\u0151ss\u00e9g\u0171 T\u00e1rsas\u00e1g (sz\u00e9khely: 2095 Pilissz\u00e1nt\u00f3, Kossuth L. u. 159.; c\u00e9gjegyz\u00e9ksz\u00e1m: 13-09-166-016; ad\u00f3sz\u00e1m: 24710473-2-13; statisztikai sz\u00e1m: 24710473-8559-113-13) a tov\u00e1bbiakban: <strong>T\u00e1rsas\u00e1g<\/strong>) \u00e1ltal alkalmazott adatv\u00e9delmi \u00e9s adatkezel\u00e9si politik\u00e1j\u00e1t.<\/p>\n<p style=\"text-align: justify;\">A jelen szab\u00e1lyok kialak\u00edt\u00e1sakor a T\u00e1rsas\u00e1g k\u00fcl\u00f6n\u00f6s tekintettel vette figyelembe az Alapt\u00f6rv\u00e9nyt; az inform\u00e1ci\u00f3s t\u00e1rsadalommal \u00f6sszef\u00fcgg\u0151 szolg\u00e1ltat\u00e1sok egyes k\u00e9rd\u00e9seir\u0151l sz\u00f3l\u00f3 2001. \u00e9vi CVIII. t\u00f6rv\u00e9nyt; az inform\u00e1ci\u00f3szabads\u00e1gr\u00f3l sz\u00f3l\u00f3 2011. \u00e9vi CXII. t\u00f6rv\u00e9nyt; az egy\u00e9nek v\u00e9delm\u00e9r\u0151l a szem\u00e9lyes adatok g\u00e9pi feldolgoz\u00e1sa sor\u00e1n, Strasbourgban, 1981. \u00e9vi janu\u00e1r 28. napj\u00e1n kelt egyezm\u00e9ny kihirdet\u00e9s\u00e9r\u0151l sz\u00f3l\u00f3 1998. \u00e9vi VI. t\u00f6rv\u00e9nyt; az Eur\u00f3pai Parlament \u00e9s a Tan\u00e1cs 2016\/679 rendelet\u00e9t (GDPR rendelet), mely 2018. m\u00e1jus 25-t\u0151l alkalmazand\u00f3.<\/p>\n<ol start=\"2\">\n<li><strong>Fogalom meghat\u00e1roz\u00e1sok <\/strong><\/li>\n<\/ol>\n<p style=\"text-align: justify;\"><strong>Szem\u00e9lyes adat:<\/strong> a meghat\u00e1rozott term\u00e9szetes szem\u00e9llyel -a tov\u00e1bbiakban: <strong>\u00e9rintett<\/strong> &#8211; kapcsolatba hozhat\u00f3 adat \u2013 k\u00fcl\u00f6n\u00f6sen a neve, nyilv\u00e1ntart\u00e1si sz\u00e1ma. Szem\u00e9lyes adatnak min\u0151s\u00fcl t\u00f6bbek k\u00f6z\u00f6tt a n\u00e9v, a lakc\u00edm, a telefonsz\u00e1m \u00e9s az e-mail c\u00edm.<\/p>\n<p style=\"text-align: justify;\"><strong>Hozz\u00e1j\u00e1rul\u00e1s:<\/strong> a term\u00e9szetes szem\u00e9ly akarat\u00e1nak \u00f6nk\u00e9ntes \u00e9s hat\u00e1rozott kinyilv\u00e1n\u00edt\u00e1sa, amely megfelel\u0151 t\u00e1j\u00e9koztat\u00e1son alapul, \u00e9s amellyel f\u00e9lre\u00e9rthetetlen beleegyez\u00e9s\u00e9t adja a r\u00e1 vonatkoz\u00f3 szem\u00e9lyes adatok egyes m\u0171veletekre vonatkoz\u00f3 kezel\u00e9s\u00e9hez.<\/p>\n<p style=\"text-align: justify;\"><strong>Tiltakoz\u00e1s:<\/strong> a term\u00e9szetes szem\u00e9ly nyilatkozata, amellyel szem\u00e9lyes adatainak kezel\u00e9s\u00e9t kifog\u00e1solja, \u00e9s az adatkezel\u00e9s megsz\u00fcntet\u00e9s\u00e9t, illetve a kezelt adatok t\u00f6rl\u00e9s\u00e9t k\u00e9ri.<\/p>\n<p style=\"text-align: justify;\"><strong>Adatkezel\u0151:<\/strong> az a term\u00e9szetes szem\u00e9ly, illetve jogi szem\u00e9lyis\u00e9ggel rendelkez\u0151 t\u00e1rsas\u00e1g, aki vagy amely \u00f6n\u00e1ll\u00f3an vagy m\u00e1sokkal egy\u00fctt az adatok kezel\u00e9s\u00e9nek c\u00e9lj\u00e1t meghat\u00e1rozza, az adatkezel\u00e9sre (bele\u00e9rtve a felhaszn\u00e1lt eszk\u00f6zt) vonatkoz\u00f3 d\u00f6nt\u00e9seket meghozza \u00e9s v\u00e9grehajtja, vagy az \u00e1ltala megb\u00edzott adatfeldolgoz\u00f3val v\u00e9grehajtatja.<\/p>\n<p style=\"text-align: justify;\">Adatkezel\u0151 megnevez\u00e9se: ProfEvents Kft, C\u00edme: 2095 Pilissz\u00e1nt\u00f3, Kossuth L. u. 159., Telefon sz\u00e1m: +36 26\u00a0349-555, e-mail: <a href=\"mailto:dr.magolga@profevents.hu\">dr.magolga@profevents.hu<\/a>., <a href=\"mailto:dr.magolga@tauffer.hu\">dr.magolga@tauffer.hu<\/a>.<\/p>\n<p style=\"text-align: justify;\"><strong>Adatkezel\u00e9s:<\/strong> az alkalmazott elj\u00e1r\u00e1st\u00f3l f\u00fcggetlen\u00fcl az adaton v\u00e9gzett b\u00e1rmely m\u0171velet vagy a m\u0171veletek \u00f6sszess\u00e9ge, \u00edgy k\u00fcl\u00f6n\u00f6sen gy\u0171jt\u00e9se, felv\u00e9tele, r\u00f6gz\u00edt\u00e9se, t\u00e1rol\u00e1sa, felhaszn\u00e1l\u00e1sa, \u00f6sszehangol\u00e1sa vagy \u00f6sszekapcsol\u00e1sa, t\u00f6rl\u00e9se \u00e9s megsemmis\u00edt\u00e9se, valamint az adat tov\u00e1bbi felhaszn\u00e1l\u00e1s\u00e1nak megakad\u00e1lyoz\u00e1sa.<\/p>\n<p style=\"text-align: justify;\"><strong>Adatfeldolgoz\u00e1s:<\/strong> az adatkezel\u00e9si m\u0171veletekhez kapcsol\u00f3d\u00f3 technikai feladatok elv\u00e9gz\u00e9se.<\/p>\n<p style=\"text-align: justify;\"><strong>Adatt\u00f6rl\u00e9s:<\/strong> az adatok felismerhetetlenn\u00e9 t\u00e9tele oly m\u00f3don, hogy a helyre\u00e1ll\u00edt\u00e1suk nem lehets\u00e9ges.<\/p>\n<p style=\"text-align: justify;\"><strong>T\u00e1j\u00e9koztat\u00f3 rendszer:<\/strong> a T\u00e1rsas\u00e1g automatikus lev\u00e9lk\u00fcld\u0151 rendszere, amely seg\u00edts\u00e9g\u00e9vel automatikusan t\u00e1j\u00e9koztatja az \u00e9rintetteket oktat\u00f3 programjair\u00f3l.<\/p>\n<ol start=\"3\">\n<li><strong>Az adatgy\u0171jt\u00e9s, kezel\u00e9s, feldolgoz\u00e1s c\u00e9lja <\/strong><\/li>\n<\/ol>\n<p style=\"text-align: justify;\">A T\u00e1rsas\u00e1g az \u00e9rintettek adatait oktat\u00e1si, illetve program t\u00e1j\u00e9koztat\u00e1s, oktat\u00e1s \u00e9s kreditpont igazol\u00e1s c\u00e9lj\u00e1b\u00f3l kezeli. Harmadik szem\u00e9lynek \u2013 kiv\u00e9ve, ha a szolg\u00e1ltat\u00e1s v\u00e9grehajt\u00e1sa miatt k\u00f6telez\u0151- nem adja azokat meg.<\/p>\n<ol start=\"4\">\n<li><strong>A kezelt szem\u00e9lyes adatok k\u00f6re<\/strong><\/li>\n<\/ol>\n<p><strong>K\u00fcls\u0151 nyilv\u00e1nos adatforr\u00e1sb\u00f3l ered\u0151 adatok<\/strong><\/p>\n<ul>\n<li style=\"text-align: justify;\">Az \u00c1NTSZ regisztr\u00e1ci\u00f3 n\u00e9lk\u00fcl is hozz\u00e1f\u00e9r\u00e9st ny\u00fajt\u00f3 inform\u00e1ci\u00f3s weboldalair\u00f3l.<\/li>\n<li style=\"text-align: justify;\">Az eg\u00e9szs\u00e9g\u00fcgyi l\u00e9tes\u00edtm\u00e9nyek regisztr\u00e1ci\u00f3 n\u00e9lk\u00fcl is mindenki sz\u00e1m\u00e1ra hozz\u00e1f\u00e9rhet\u0151 weboldalair\u00f3l.<\/li>\n<li style=\"text-align: justify;\">A T\u00e1rsas\u00e1gok, szem\u00e9lyek, jogi szem\u00e9lyek, stb. regisztr\u00e1ci\u00f3 n\u00e9lk\u00fcl is mindenki sz\u00e1m\u00e1ra hozz\u00e1f\u00e9rhet\u0151 weboldalair\u00f3l.<\/li>\n<\/ul>\n<p><strong>Saj\u00e1t bels\u0151 adatb\u00e1zisb\u00f3l ered\u0151 adatok<\/strong><\/p>\n<ul>\n<li style=\"text-align: justify;\">A T\u00e1rsas\u00e1g oktat\u00f3 rendezv\u00e9nyeire \u00f6nk\u00e9ntesen jelentkez\u0151 szem\u00e9lyek szem\u00e9lyes adatai.<\/li>\n<li style=\"text-align: justify;\">A T\u00e1rsas\u00e1got felkeres\u0151 a kapcsolatot \u00d6nk\u00e9ntesen k\u00e9r\u0151 szem\u00e9lyek, jogi szem\u00e9lyek adatai.<\/li>\n<\/ul>\n<ol start=\"5\">\n<li><strong>Adattov\u00e1bb\u00edt\u00e1s, adatfeldolgoz\u00e1s<\/strong><\/li>\n<\/ol>\n<p style=\"text-align: justify;\">Az adatkezel\u0151 birtok\u00e1ba jutott adatokat, szem\u00e9lyes adatokat a T\u00e1rsas\u00e1g az adatukat \u00e1tad\u00f3 szem\u00e9lyek el\u0151zetes hozz\u00e1j\u00e1rul\u00e1sa n\u00e9lk\u00fcl harmadik f\u00e9lnek semmilyen m\u00f3don nem adja tov\u00e1bb azon esetek kiv\u00e9tel\u00e9vel, amikor a T\u00e1rsas\u00e1g a k\u00edv\u00e1nt szolg\u00e1ltat\u00e1s (min\u0151s\u00edtett oktat\u00e1s) elv\u00e9gz\u00e9se miatt \u00e1tadni k\u00f6teles (\u00f6sszes\u00edt\u0151 jelent\u00e9s az \u00c1EEK fel\u00e9).<\/p>\n<p style=\"text-align: justify;\">Az Adatkezel\u0151 megtesz minden sz\u00fcks\u00e9ges int\u00e9zked\u00e9st annak \u00e9rdek\u00e9ben, hogy biztos\u00edtsa az adatok biztons\u00e1gos, s\u00e9r\u00fcl\u00e9smentes kezel\u00e9s\u00e9t \u00e9s ehhez sz\u00fcks\u00e9ges adatkezel\u00e9si rendszerek ki\u00e9p\u00edt\u00e9s\u00e9t, m\u0171k\u00f6dtet\u00e9s\u00e9t. Az Adatkezel\u0151 gondoskodik arr\u00f3l, hogy a kezelt adatokhoz illet\u00e9ktelen szem\u00e9ly ne f\u00e9rhessen hozz\u00e1, ne hozhassa nyilv\u00e1noss\u00e1gra, ne tov\u00e1bb\u00edtsa, valamint azokat ne m\u00f3dos\u00edthassa, t\u00f6r\u00f6lhesse.<\/p>\n<p style=\"text-align: justify;\">Az adatkezel\u0151 k\u00f6telezetts\u00e9get v\u00e1llal arra, hogy a legkorszer\u0171bb \u00e9s legmegfelel\u0151bb berendez\u00e9sekkel, szoftverekkel \u00e9s biztons\u00e1gi szab\u00e1lyokkal gondoskodik az adatok biztons\u00e1g\u00e1r\u00f3l, k\u00fcl\u00f6n\u00f6s tekintettel arra, hogy az adatokhoz jogosulatlan szem\u00e9ly hozz\u00e1 ne f\u00e9rjen, az adatok jogszer\u0171tlen\u00fcl ne ker\u00fcljenek nyilv\u00e1noss\u00e1gra, t\u00f6rl\u00e9sre vagy megsemmis\u00edt\u00e9sre. A fenti k\u00f6telezetts\u00e9gv\u00e1llal\u00e1st az adatkezel\u0151 az adatkezel\u00e9si tev\u00e9kenys\u00e9gben r\u00e9szt vev\u0151 munkav\u00e1llal\u00f3i r\u00e9sz\u00e9re is el\u0151\u00edrja.<\/p>\n<p style=\"text-align: justify;\">Az Adatkezel\u0151 csak a k\u00edv\u00e1nt szolg\u00e1ltat\u00e1s biztos\u00edt\u00e1s\u00e1hoz sz\u00fcks\u00e9ges adatokat gy\u0171jti, kezeli. Semmilyen k\u00f6r\u00fclm\u00e9nyek k\u00f6z\u00f6tt nem gy\u0171jt k\u00fcl\u00f6nleges adatokat, azaz olyan adatokat, amelyek faji eredetre, a nemzeti \u00e9s etnikai kisebbs\u00e9ghez tartoz\u00e1sra, a politikai v\u00e9lem\u00e9nyre vagy p\u00e1rt\u00e1ll\u00e1sra, a vall\u00e1sos vagy m\u00e1s vil\u00e1gn\u00e9zeti meggy\u0151z\u0151d\u00e9sre, az \u00e9rdek-k\u00e9pviseleti szervezeti tags\u00e1gra, az eg\u00e9szs\u00e9gi \u00e1llapotra, a k\u00f3ros szenved\u00e9lyre, a szexu\u00e1lis \u00e9letre valamint a b\u00fcntetett el\u0151\u00e9letre vonatkoznak.<\/p>\n<p><strong>A T\u00e1rsas\u00e1g megb\u00edzott adatkezel\u0151 partnerei:<\/strong><\/p>\n<p>K\u00f6nyvel\u00e9s: SAS Audit Bt., 6000 Kecskem\u00e9t, Bab\u00e9r u. 8.<\/p>\n<p>Elektronikus sz\u00e1ml\u00e1z\u00e1s: KBOSS.hu Kft., 1031 Budapest, Z\u00e1hony u. 7.<\/p>\n<p>T\u00e1j\u00e9koztat\u00f3 lev\u00e9l k\u00fcld\u00e9s: Mediacenter Hungary Informatikai, Szolg\u00e1ltat\u00f3 \u00e9s \u00dczemeltet\u0151 Kft., 6000 Kecskem\u00e9t, Sosztakovics u. 3. II\/6.<\/p>\n<p>Honlap kezel\u00e9s: NLG-System Bt., 2135 Cs\u00f6r\u00f6g, Homokb\u00e1nya u. 26.<\/p>\n<p>Bel\u00e9ptet\u0151 rendszer (szoftver) kezel\u00e9s: Dobrosi K\u00e1roly Zsolt, 31802107, 1183 Budapest, Pozsony u. 13.<\/p>\n<ol start=\"6\">\n<li><strong>Jogorvoslati jog<\/strong><\/li>\n<\/ol>\n<p style=\"text-align: justify;\">Az \u00e9rintett t\u00e1j\u00e9koztat\u00e1st k\u00e9rhet szem\u00e9lyes adatai kezel\u00e9s\u00e9r\u0151l, valamint k\u00e9rheti szem\u00e9lyes adatainak helyesb\u00edt\u00e9s\u00e9t, illetve \u2013 a jogszab\u00e1lyban elrendelt adatkezel\u00e9sek kiv\u00e9tel\u00e9vel- azok t\u00f6rl\u00e9s\u00e9t a <a href=\"mailto:dr.magolga@profevents.hu\">dr.magolga@profevents.hu<\/a> vagy a <a href=\"mailto:dr.magolga@tauffer.hu\">dr.magolga@tauffer.hu<\/a> e-mail c\u00edm\u00e9re k\u00fcld\u00f6tt elektronikus lev\u00e9llel, illetve a T\u00e1rsas\u00e1g sz\u00e9khely\u00e9re (2095 Pilissz\u00e1nt\u00f3, Kossuth L. u. 159.) postai \u00faton eljuttatott nyilatkozattal is.<\/p>\n<p style=\"text-align: justify;\">Az \u00e9rintett k\u00e9relm\u00e9re a T\u00e1rsas\u00e1g t\u00e1j\u00e9koztat\u00e1st ad az \u00e1ltala kezelt, illetve az \u00e1ltala esetlegesen megb\u00edzott adatfeldolgoz\u00f3 \u00e1ltal feldolgozott adatair\u00f3l, az adatkezel\u00e9s c\u00e9lj\u00e1r\u00f3l, jogalapj\u00e1r\u00f3l, id\u0151tartam\u00e1r\u00f3l, az adatfeldolgoz\u00f3 nev\u00e9r\u0151l, c\u00edm\u00e9r\u0151l (sz\u00e9khely\u00e9r\u0151l) \u00e9s az adatkezel\u00e9ssel \u00f6sszef\u00fcgg\u0151 tev\u00e9kenys\u00e9g\u00e9r\u0151l, tov\u00e1bb\u00e1 arr\u00f3l, hogy kik \u00e9s milyen c\u00e9lb\u00f3l kapj\u00e1k vagy kapt\u00e1k meg az adatokat. A T\u00e1rsas\u00e1g mint adatkezel\u0151 a k\u00e9relem k\u00e9zhezv\u00e9tel\u00e9t\u0151l sz\u00e1m\u00edtott legr\u00f6videbb id\u0151n bel\u00fcl, de legk\u00e9s\u0151bb 30 napt\u00e1ri napon bel\u00fcl \u00edr\u00e1sban, k\u00f6z\u00e9rthet\u0151 form\u00e1ban adja meg a t\u00e1j\u00e9koztat\u00e1st. A t\u00e1j\u00e9koztat\u00e1s ingyenes, amennyiben a t\u00e1j\u00e9koztat\u00e1st k\u00e9r\u0151 a foly\u00f3 \u00e9vben azonos ter\u00fcletre vonatkoz\u00f3 t\u00e1j\u00e9koztat\u00e1si k\u00e9relmet a T\u00e1rsas\u00e1ghoz m\u00e9g nem ny\u00fajtott be. Egy\u00e9b esetekben a T\u00e1rsas\u00e1g k\u00f6lts\u00e9gt\u00e9r\u00edt\u00e9st \u00e1llap\u00edthat meg.<\/p>\n<p style=\"text-align: justify;\">A T\u00e1rsas\u00e1g a szem\u00e9lyes adatot halad\u00e9ktalanul t\u00f6rli, amennyiben azt az \u00e9rintett \u00edr\u00e1sban jelzi a <a href=\"mailto:dr.magolga@profevents.hu\">dr.magolga@profevents.hu<\/a> vagy <a href=\"mailto:dr.magolga@tauffer.hu\">dr.magolga@tauffer.hu<\/a> e-mail c\u00edm\u00e9re elk\u00fcld\u00f6tt elektronikus lev\u00e9llel, illetve a T\u00e1rsas\u00e1gnak c\u00edmzett \u00e9s a T\u00e1rsas\u00e1g sz\u00e9khely\u00e9re postai \u00faton eljuttatott nyilatkozattal; ha a kezel\u00e9se jogellenes, az adatkezel\u00e9s c\u00e9lja megsz\u0171nt, az adatok t\u00f6rv\u00e9nyben meghat\u00e1rozott hat\u00e1rideje lej\u00e1rt, azt a b\u00edr\u00f3s\u00e1g vagy a NAIH elrendelte. A T\u00e1rsas\u00e1g t\u00e1j\u00e9koztat\u00f3 rendszer\u00e9ben az adatok az \u00e9rintett int\u00e9zked\u00e9s\u00e9re azonnal is t\u00f6rl\u0151dhetnek.<\/p>\n<p style=\"text-align: justify;\">Amennyiben az \u00e9rintett a T\u00e1rsas\u00e1g d\u00f6nt\u00e9s\u00e9vel nem \u00e9rt egyet, az ellen a k\u00f6zl\u00e9st\u0151l sz\u00e1m\u00edtott 30 napt\u00e1ri napon bel\u00fcl b\u00edr\u00f3s\u00e1ghoz vagy a NAIH-hoz fordulhat.<\/p>\n<p style=\"text-align: justify;\"><strong>A Nemzeti Adatv\u00e9delmi \u00e9s Inform\u00e1ci\u00f3szabads\u00e1g Hat\u00f3s\u00e1g el\u00e9rhet\u0151s\u00e9gei:<\/strong> C\u00edm: \u00a01125 Budapest, Szil\u00e1gyi Erzs\u00e9bet fasor 22\/c.; Telefonsz\u00e1m: +36 1\u00a0391-1400; Fax: +36 1\u00a0391-1410; E-mail: <a href=\"mailto:ugyfelszolgalat@naih.hu\">ugyfelszolgalat@naih.hu<\/a>.<\/p>\n<p style=\"text-align: justify;\">A T\u00e1rsas\u00e1g a helyesb\u00edt\u00e9sr\u0151l \u00e9s a t\u00f6rl\u00e9sr\u0151l az \u00e9rintettet e-mailben 30 napon bel\u00fcl. Amennyiben az adatt\u00f6rl\u00e9st az \u00e9rintett automatikusan a t\u00e1j\u00e9koztat\u00f3 rendszerben ind\u00edtv\u00e1nyozta, az \u00e9rtes\u00edt\u00e9st a T\u00e1rsas\u00e1g mell\u0151zheti.<\/p>\n<p style=\"text-align: justify;\"><strong>A T\u00e1rsas\u00e1g fenntartja mag\u00e1nak a jogot jelen szab\u00e1lyzat megv\u00e1ltoztat\u00e1s\u00e1ra, illet\u0151leg az Eur\u00f3pai Uni\u00f3 vagy a magyarorsz\u00e1gi jogszab\u00e1lyok v\u00e1ltoz\u00e1sai eset\u00e9ben a szab\u00e1lyzat megfelel\u0151 m\u00f3dos\u00edt\u00e1s\u00e1ra.<\/strong><\/p>\n<p>Jelen szab\u00e1lyzat 2018. m\u00e1jus 24-\u00e9n l\u00e9p hat\u00e1lyba.<\/p>\n","protected":false},"excerpt":{"rendered":"<p>A ProfEvents Korl\u00e1tolt Felel\u0151ss\u00e9g\u0171 T\u00e1rsas\u00e1g ADATV\u00c9DELMI \u00c9S ADATKEZEL\u00c9SI SZAB\u00c1LYZATA 1. A szab\u00e1lyzat c\u00e9lja Jelen szab\u00e1lyzat c\u00e9lja, hogy r\u00f6gz\u00edtse a ProfEvents Korl\u00e1tolt Felel\u0151ss\u00e9g\u0171 T\u00e1rsas\u00e1g (sz\u00e9khely: 2095 Pilissz\u00e1nt\u00f3, Kossuth L. u. 159.; c\u00e9gjegyz\u00e9ksz\u00e1m: 13-09-166-016; ad\u00f3sz\u00e1m: 24710473-2-13; statisztikai sz\u00e1m: 24710473-8559-113-13) a tov\u00e1bbiakban: T\u00e1rsas\u00e1g) &hellip; <a href=\"https:\/\/tauffer.hu\/?page_id=1020\">Continue reading <span class=\"meta-nav\">&rarr;<\/span><\/a><\/p>\n","protected":false},"author":1,"featured_media":0,"parent":0,"menu_order":0,"comment_status":"closed","ping_status":"closed","template":"","meta":{"footnotes":""},"class_list":["post-1020","page","type-page","status-publish","hentry"],"_links":{"self":[{"href":"https:\/\/tauffer.hu\/index.php?rest_route=\/wp\/v2\/pages\/1020","targetHints":{"allow":["GET"]}}],"collection":[{"href":"https:\/\/tauffer.hu\/index.php?rest_route=\/wp\/v2\/pages"}],"about":[{"href":"https:\/\/tauffer.hu\/index.php?rest_route=\/wp\/v2\/types\/page"}],"author":[{"embeddable":true,"href":"https:\/\/tauffer.hu\/index.php?rest_route=\/wp\/v2\/users\/1"}],"replies":[{"embeddable":true,"href":"https:\/\/tauffer.hu\/index.php?rest_route=%2Fwp%2Fv2%2Fcomments&post=1020"}],"version-history":[{"count":4,"href":"https:\/\/tauffer.hu\/index.php?rest_route=\/wp\/v2\/pages\/1020\/revisions"}],"predecessor-version":[{"id":1264,"href":"https:\/\/tauffer.hu\/index.php?rest_route=\/wp\/v2\/pages\/1020\/revisions\/1264"}],"wp:attachment":[{"href":"https:\/\/tauffer.hu\/index.php?rest_route=%2Fwp%2Fv2%2Fmedia&parent=1020"}],"curies":[{"name":"wp","href":"https:\/\/api.w.org\/{rel}","templated":true}]}}